{"id":9413,"date":"2020-10-28T13:28:40","date_gmt":"2020-10-28T12:28:40","guid":{"rendered":"https:\/\/almazaraartal.com\/producto\/carafe-5-litres-huile-dolive-extra-vierge-el-aceite-de-marta-arbequina\/"},"modified":"2026-08-05T11:08:01","modified_gmt":"2026-08-05T09:08:01","slug":"carafe-5-litres-huile-dolive-extra-vierge-el-aceite-de-marta-arbequina","status":"publish","type":"product","link":"https:\/\/almazaraartal.com\/fr\/producto\/carafe-5-litres-huile-dolive-extra-vierge-el-aceite-de-marta-arbequina\/","title":{"rendered":"Huile d&rsquo;olive vierge extra \u00ab Arbequina \u00bb 5 litres &#8211; L&rsquo;huile de Marta"},"content":{"rendered":"<h1><span class=\"s1\"><b>Huile d&rsquo;olive vierge extra \u00ab Arbequina \u00bb 5 litres<\/b><\/span><\/h1>\n<h2><span class=\"s1\"><b>La fra\u00eecheur et l&rsquo;\u00e9quilibre de la vari\u00e9t\u00e9 Arbequina<\/b><\/span><\/h2>\n<p class=\"p2\">L&rsquo; <span class=\"s1\"><b>Huile d\u2019olive vierge extra Arbequina, 5 litres<\/b><\/span> de <span class=\"s1\"><b>El Aceite de Marta<\/b><\/span> est une huile d\u2019olive vierge extra \u00e9labor\u00e9e par <span class=\"s1\"><b>Almazara Artal<\/b><\/span> \u00e0 partir d\u2019olives de la vari\u00e9t\u00e9 Arbequina, r\u00e9colt\u00e9es \u00e0 leur stade optimal de maturation et obtenues par <span class=\"s1\"><b>extraction \u00e0 froid<\/b><\/span> afin de pr\u00e9server toute sa qualit\u00e9, son ar\u00f4me et sa saveur.<\/p>\n<p class=\"p2\">L&rsquo;Arbequina est l&rsquo;une des vari\u00e9t\u00e9s les plus appr\u00e9ci\u00e9es par ceux qui recherchent une huile douce, \u00e9quilibr\u00e9e et tr\u00e8s polyvalente. Son profil frais et fruit\u00e9 en fait un excellent choix tant pour la consommation quotidienne que pour savourer toute la saveur d&rsquo;une v\u00e9ritable huile d&rsquo;olive vierge extra. <\/p>\n<p class=\"p3\">Gr\u00e2ce \u00e0 son \u00e9quilibre et \u00e0 sa finesse, cette huile est tr\u00e8s agr\u00e9able \u00e0 d\u00e9guster et s&rsquo;adapte \u00e0 une grande vari\u00e9t\u00e9 de recettes. Il s&rsquo;agit d&rsquo;une huile d&rsquo;olive vierge extra destin\u00e9e \u00e0 ceux qui appr\u00e9cient une huile de qualit\u00e9, \u00e9labor\u00e9e avec soin depuis l&rsquo;oliveraie jusqu&rsquo;\u00e0 la mise en bouteille, en respectant au maximum les caract\u00e9ristiques propres \u00e0 l&rsquo;olive. <\/p>\n<h2><span class=\"s1\"><b>Une huile douce, fra\u00eeche et riche en nuances<\/b><\/span><\/h2>\n<p class=\"p2\">Notre <span class=\"s1\"><b>huile d\u2019olive vierge extra Arbequina<\/b><\/span> se distingue par son attaque agr\u00e9able en bouche et par un profil \u00e9quilibr\u00e9 qui se savoure facilement. Elle pr\u00e9sente un fruit\u00e9 frais avec de d\u00e9licates notes de <span class=\"s1\"><b>tomate, de pomme et de banane<\/b><\/span>, accompagn\u00e9s d\u2019une amertume et d\u2019un piquant tr\u00e8s doux qui respectent la saveur des aliments sans la masquer. <\/p>\n<p class=\"p2\">Il s&rsquo;agit d&rsquo;une huile destin\u00e9e \u00e0 ceux qui recherchent une huile d&rsquo;olive vierge extra \u00e9l\u00e9gante, dot\u00e9e de caract\u00e8re, mais sans intensit\u00e9 excessive. Sa douceur permet de l&rsquo;appr\u00e9cier aussi bien si vous \u00eates d\u00e9j\u00e0 un consommateur r\u00e9gulier d&rsquo;huile d&rsquo;olive vierge extra que si vous d\u00e9couvrez les diff\u00e9rentes vari\u00e9t\u00e9s d&rsquo;huile d&rsquo;olive vierge extra pour la premi\u00e8re fois. <\/p>\n<p class=\"p3\">Son ar\u00f4me frais et son \u00e9quilibre permettent \u00e0 chaque plat de gagner en saveur sans pour autant lui faire perdre de son caract\u00e8re, en apportant une touche d\u00e9licate qui met en valeur les ingr\u00e9dients sans les dominer.<\/p>\n<h2><span class=\"s1\"><b>Id\u00e9al pour le quotidien<\/b><\/span><\/h2>\n<p class=\"p2\">Gr\u00e2ce \u00e0 sa douceur et \u00e0 son \u00e9quilibre, cette <span class=\"s1\"><b>huile d&rsquo;olive vierge extra Arbequina de 5 litres<\/b><\/span> est id\u00e9ale pour une utilisation quotidienne dans toutes sortes de recettes.<\/p>\n<p class=\"p4\">Il est id\u00e9al pour :<\/p>\n<ul>\n<li>Pour assaisonner les salades et les l\u00e9gumes.<\/li>\n<li>Pr\u00e9parer des toasts et le petit-d\u00e9jeuner.<\/li>\n<li>Pr\u00e9parer des gazpachos, des salmorejos et des soupes froides.<\/li>\n<li>\u00c0 d\u00e9guster avec des fromages frais et du poisson.<\/li>\n<li>Cuire les viandes blanches, le riz et les l\u00e9gumes.<\/li>\n<li>Apporter une touche de fra\u00eecheur \u00e0 n&rsquo;importe quel plat sans en masquer la saveur.<\/li>\n<\/ul>\n<p class=\"p2\">Son format de <span class=\"s1\"><b>5 litres<\/b><\/span> est id\u00e9al pour les foyers qui consomment r\u00e9guli\u00e8rement de l\u2019huile d\u2019olive vierge extra, ainsi que pour les petits restaurants, les g\u00eetes ruraux et les professionnels de l\u2019h\u00f4tellerie-restauration \u00e0 la recherche d\u2019une huile d\u2019olive vierge extra de qualit\u00e9 pour un usage quotidien.<\/p>\n<p class=\"p3\">En plus d&rsquo;\u00eatre pratique, ce format vous permet d&rsquo;avoir toujours de l&rsquo;huile d&rsquo;olive vierge extra \u00e0 port\u00e9e de main dans votre cuisine, ce qui r\u00e9duit la fr\u00e9quence des achats et offre un excellent rapport entre qualit\u00e9, commodit\u00e9 et rendement.<\/p>\n<h2><span class=\"s1\"><b>\u00c9labor\u00e9 par Almazara Artal<\/b><\/span><\/h2>\n<p class=\"p2\">Sur <span class=\"s1\"><b>Almazara Artal<\/b><\/span> , nous accordons une attention particuli\u00e8re \u00e0 chaque \u00e9tape du processus de fabrication afin de vous proposer une huile d\u2019olive vierge extra de la plus haute qualit\u00e9. De la culture de l\u2019oliveraie jusqu\u2019au conditionnement final, nous utilisons une technologie de pointe et assurons un contr\u00f4le rigoureux de l\u2019ensemble du processus afin de pr\u00e9server les propri\u00e9t\u00e9s naturelles de l\u2019olive. <\/p>\n<p class=\"p2\">L&rsquo; <span class=\"s1\"><b>extraction \u00e0 froid<\/b><\/span> permet de mieux pr\u00e9server les ar\u00f4mes, la saveur et les caract\u00e9ristiques propres \u00e0 la vari\u00e9t\u00e9 Arbequina, pour obtenir une huile fra\u00eeche, \u00e9quilibr\u00e9e et pleine de personnalit\u00e9.<\/p>\n<p class=\"p3\">Notre objectif est que chaque bouteille refl\u00e8te le travail accompli tout au long de l&rsquo;ann\u00e9e dans l&rsquo;oliveraie et au moulin \u00e0 huile. Chaque campagne repr\u00e9sente un nouveau d\u00e9fi pour obtenir une huile d&rsquo;olive vierge extra qui conserve le niveau de qualit\u00e9 qui caract\u00e9rise nos produits et qui parvienne au consommateur dans toute sa fra\u00eecheur. <\/p>\n<h2><span class=\"s1\"><b>Conservation<\/b><\/span><\/h2>\n<p class=\"p2\">Pour profiter pleinement des qualit\u00e9s de notre <span class=\"s1\"><b>huile d&rsquo;olive vierge extra Arbequina<\/b><\/span>, nous vous recommandons de conserver la bouteille bien ferm\u00e9e, \u00e0 l&rsquo;abri de la lumi\u00e8re et de la chaleur, dans un endroit frais et sec. Elle conservera ainsi plus longtemps sa fra\u00eecheur, son ar\u00f4me et sa qualit\u00e9. <\/p>\n<p class=\"p2\">Une fois la bouteille ouverte, il est conseill\u00e9 de transvaser une partie de l&rsquo;huile dans une huili\u00e8re pour votre usage quotidien et de conserver le reste de l&rsquo;huile dans un r\u00e9cipient correctement ferm\u00e9. Cela permet de mieux la prot\u00e9ger de la lumi\u00e8re et d&rsquo;un contact prolong\u00e9 avec l&rsquo;air, ce qui contribue \u00e0 pr\u00e9server toutes ses qualit\u00e9s plus longtemps. <\/p>\n<p class=\"p3\">Une conservation ad\u00e9quate permet de continuer \u00e0 appr\u00e9cier le profil frais et \u00e9quilibr\u00e9 de l&rsquo;Arbequina, de la premi\u00e8re \u00e0 la derni\u00e8re goutte.<\/p>\n<h2><span class=\"s1\"><b>Une huile \u00e0 savourer au quotidien<\/b><\/span><\/h2>\n<p class=\"p2\">L&rsquo; <span class=\"s1\"><b>Huile d\u2019olive vierge extra Arbequina, 5 litres<\/b><\/span> de <span class=\"s1\"><b>El Aceite de Marta<\/b><\/span> a \u00e9t\u00e9 con\u00e7ue pour ceux qui recherchent une huile de qualit\u00e9 \u00e0 int\u00e9grer au quotidien dans leur cuisine. Sa douceur, son \u00e9quilibre et sa polyvalence lui permettent de s&rsquo;accorder avec une grande vari\u00e9t\u00e9 de recettes et de styles culinaires, des pr\u00e9parations les plus simples aux plats les plus \u00e9labor\u00e9s. <\/p>\n<p class=\"p3\">Si vous cherchez <span class=\"s1\"><b>acheter de l&rsquo;huile d&rsquo;olive vierge extra Arbequina en bidon de 5 litres<\/b><\/span>, chez <span class=\"s1\"><b>Almazara Artal<\/b><\/span> , nous \u00e9laborons une huile d\u2019olive vierge extra qui allie tradition, innovation et un profond respect du produit. Chaque bouteille t\u00e9moigne de notre engagement en faveur de la qualit\u00e9 et d\u2019un mode de fabrication visant \u00e0 pr\u00e9server tout le caract\u00e8re de la vari\u00e9t\u00e9 Arbequina. <\/p>\n","protected":false},"excerpt":{"rendered":"<p class=\"p1\"><b>Huile d&rsquo;olive vierge extra \u00ab Arbequina \u00bb de 5 litres de la marque \u00ab El Aceite de Marta \u00bb, produite par Almazara Artal. Une huile d&rsquo;olive vierge extra issue d&rsquo;une extraction \u00e0 froid, au profil doux et \u00e9quilibr\u00e9, id\u00e9ale pour un usage quotidien, aussi bien en assaisonnement qu&rsquo;en cuisine. <\/b><\/p>\n","protected":false},"featured_media":9421,"comment_status":"closed","ping_status":"closed","template":"","meta":{"_joinchat":[]},"product_brand":[],"product_cat":[127],"product_tag":[],"class_list":["post-9413","product","type-product","status-publish","has-post-thumbnail","product_cat-lhuile-de-marta","sales-flash-overlay","woocommerce-text-align-center","woocommerce-image-align-center","do-quantity-buttons","first","instock","taxable","shipping-taxable","purchasable","product-type-simple"],"_links":{"self":[{"href":"https:\/\/almazaraartal.com\/fr\/wp-json\/wp\/v2\/product\/9413","targetHints":{"allow":["GET"]}}],"collection":[{"href":"https:\/\/almazaraartal.com\/fr\/wp-json\/wp\/v2\/product"}],"about":[{"href":"https:\/\/almazaraartal.com\/fr\/wp-json\/wp\/v2\/types\/product"}],"replies":[{"embeddable":true,"href":"https:\/\/almazaraartal.com\/fr\/wp-json\/wp\/v2\/comments?post=9413"}],"wp:featuredmedia":[{"embeddable":true,"href":"https:\/\/almazaraartal.com\/fr\/wp-json\/wp\/v2\/media\/9421"}],"wp:attachment":[{"href":"https:\/\/almazaraartal.com\/fr\/wp-json\/wp\/v2\/media?parent=9413"}],"wp:term":[{"taxonomy":"product_brand","embeddable":true,"href":"https:\/\/almazaraartal.com\/fr\/wp-json\/wp\/v2\/product_brand?post=9413"},{"taxonomy":"product_cat","embeddable":true,"href":"https:\/\/almazaraartal.com\/fr\/wp-json\/wp\/v2\/product_cat?post=9413"},{"taxonomy":"product_tag","embeddable":true,"href":"https:\/\/almazaraartal.com\/fr\/wp-json\/wp\/v2\/product_tag?post=9413"}],"curies":[{"name":"wp","href":"https:\/\/api.w.org\/{rel}","templated":true}]}}